{"id":3,"date":"2025-03-11T18:56:04","date_gmt":"2025-03-11T18:56:04","guid":{"rendered":"http:\/\/alinahenriques.dk\/?page_id=3"},"modified":"2025-03-31T17:03:54","modified_gmt":"2025-03-31T17:03:54","slug":"privatlivspolitik-cookies","status":"publish","type":"page","link":"https:\/\/www.alinahenriques.dk\/index.php\/privatlivspolitik-cookies\/","title":{"rendered":"Privatlivspolitik &#038; Cookies"},"content":{"rendered":"\t\t<div data-elementor-type=\"wp-page\" data-elementor-id=\"3\" class=\"elementor elementor-3\" data-elementor-settings=\"{&quot;ha_cmc_init_switcher&quot;:&quot;no&quot;}\">\n\t\t\t\t\t\t<section class=\"elementor-section elementor-top-section elementor-element elementor-element-4bbb1d0 elementor-section-full_width elementor-section-height-default elementor-section-height-default\" data-id=\"4bbb1d0\" data-element_type=\"section\" data-settings=\"{&quot;background_background&quot;:&quot;classic&quot;,&quot;_ha_eqh_enable&quot;:false}\">\n\t\t\t\t\t\t<div class=\"elementor-container elementor-column-gap-default\">\n\t\t\t\t\t<div class=\"elementor-column elementor-col-100 elementor-top-column elementor-element elementor-element-9017cdf\" data-id=\"9017cdf\" data-element_type=\"column\">\n\t\t\t<div class=\"elementor-widget-wrap elementor-element-populated\">\n\t\t\t\t\t\t<div class=\"elementor-element elementor-element-a865d51 elementor-widget elementor-widget-heading\" data-id=\"a865d51\" data-element_type=\"widget\" data-widget_type=\"heading.default\">\n\t\t\t\t<div class=\"elementor-widget-container\">\n\t\t\t\t\t<h2 class=\"elementor-heading-title elementor-size-default\">Privatlivspolitik  &amp; Cookies<\/h2>\t\t\t\t<\/div>\n\t\t\t\t<\/div>\n\t\t\t\t<div class=\"elementor-element elementor-element-e84feff elementor-widget elementor-widget-text-editor\" data-id=\"e84feff\" data-element_type=\"widget\" data-widget_type=\"text-editor.default\">\n\t\t\t\t<div class=\"elementor-widget-container\">\n\t\t\t\t\t\t\t\t\t<div class=\"elementor-element elementor-element-6809f1e e-con-full e-flex e-con e-child\" data-id=\"6809f1e\" data-element_type=\"container\" data-settings=\"{&quot;background_background&quot;:&quot;classic&quot;}\"><div class=\"elementor-element elementor-element-d771c29 elementor-widget elementor-widget-heading\" data-id=\"d771c29\" data-element_type=\"widget\" data-widget_type=\"heading.default\"><div class=\"elementor-widget-container\"><p class=\"p1\">Jeg er dataansvarlig for behandlingen af de personoplysninger, som jeg behandler om mine kunder og samarbejdspartnere. Du finder mine kontaktoplysninger nedenfor.<\/p><p class=\"p1\">Alinalyd v\/Alina Henriques<br \/>Egevej 8, 8751 Gedved\u00a0<br \/>Tlf. 31100309 CVR-nr: DK26306086<\/p><p class=\"p1\">Det er ikke et krav, at jeg har en ekstern DPO, men hvis du har sp\u00f8rgsm\u00e5l til behandlingen af dine personoplysninger, s\u00e5 kan du kontakte mig via\u00a0kontakt@alinahenriques.dk.<\/p><p class=\"p1\"><b>Behandlingsaktiviteter<br \/><\/b><span style=\"font-style: inherit;font-weight: inherit;text-align: var(--text-align);color: var( --e-global-color-text );background-color: var( --e-global-color-286fbfb )\">Som dataansvarlig jf. GDPR har jeg f\u00f8lgende behandlingsaktiviteter.<\/span><\/p><p class=\"p1\"><b>Databehandlere<br \/><\/b><span style=\"font-style: inherit;font-weight: inherit;text-align: var(--text-align);color: var( --e-global-color-text );background-color: var( --e-global-color-286fbfb )\">Jeg kan ikke klare alt selv, og derfor har jeg samarbejdspartnere samt benytter mig af leverand\u00f8rer, hvoraf nogle kan v\u00e6re databehandlere.\u00a0<\/span><span style=\"font-style: inherit;font-weight: inherit;text-align: var(--text-align);color: var( --e-global-color-text );background-color: var( --e-global-color-286fbfb )\">Eksterne leverand\u00f8rer kan eksempelvis levere systemer til at organisere mit arbejde, services, r\u00e5dgivning, IT-hosting eller markedsf\u00f8ring.\u00a0<\/span><span style=\"font-style: inherit;font-weight: inherit;text-align: var(--text-align);color: var( --e-global-color-text );background-color: var( --e-global-color-286fbfb )\">Jeg bruger MailerLite til markedsf\u00f8ring, s\u00e5 n\u00e5r du skriver dig p\u00e5 mit nyhedsbrev s\u00e5 accepterer du at dit navn og din e-mail adresse bliver behandlet af MailerLite.<br \/><\/span><span style=\"font-style: inherit;font-weight: inherit;text-align: var(--text-align);color: var( --e-global-color-text );background-color: var( --e-global-color-286fbfb )\"><br \/>Det er mit ansvar at sikre, at dine personoplysninger behandles ordentligt. Derfor stiller jeg h\u00f8je krav til mine samarbejdspartnere, og mine partnere skal garantere, at dine personoplysninger er beskyttet.\u00a0<\/span><span style=\"font-style: inherit;font-weight: inherit;text-align: var(--text-align);color: var( --e-global-color-text );background-color: var( --e-global-color-286fbfb )\">Jeg indg\u00e5r derfor aftaler herom med virksomheder (databehandlere), der h\u00e5ndterer personoplysninger p\u00e5 mine vegne for at h\u00f8jne sikkerheden af dine personoplysninger.<\/span><\/p><p class=\"p1\"><b>Videregivelse af personoplysninger<br \/><\/b><span style=\"font-style: inherit;font-weight: inherit;text-align: var(--text-align);color: var( --e-global-color-text );background-color: var( --e-global-color-286fbfb )\">Jeg videregiver ikke dine personoplysninger til tredjemand.<\/span><\/p><p class=\"p1\"><b>Profilering og automatiserede afg\u00f8relser<br \/><\/b><span style=\"font-style: inherit;font-weight: inherit;text-align: var(--text-align);color: var( --e-global-color-text );background-color: var( --e-global-color-286fbfb )\">Jeg foretager ikke profilering eller automatiserede afg\u00f8relser.<\/span><\/p><p class=\"p1\"><span style=\"font-style: inherit;text-align: var(--text-align);color: var( --e-global-color-text );background-color: var( --e-global-color-286fbfb )\"><b>Tredjelandeoverf\u00f8rsler<br \/><\/b><\/span><span style=\"font-style: inherit;font-weight: inherit;text-align: var(--text-align);color: var( --e-global-color-text );background-color: var( --e-global-color-286fbfb )\">Jeg benytter som udgangspunkt databehandlere i EU\/E\u00d8S, eller som opbevarer data i EU\/E\u00d8S.\u00a0I nogle tilf\u00e6lde er dette ikke muligt, og her kan der benyttes databehandlere udenfor EU\/E\u00d8S, hvis disse kan give dine personoplysninger en passende beskyttelse.<\/span><\/p><p class=\"p1\"><b>Behandlingssikkerhed<br \/><\/b><span style=\"font-style: inherit;font-weight: inherit;text-align: var(--text-align);color: var( --e-global-color-text );background-color: var( --e-global-color-286fbfb )\">Jeg holder behandlingen af personoplysninger sikker ved at have indf\u00f8rt passende tekniske og organisatoriske foranstaltninger.\u00a0Jeg har lavet risikovurderinger af min behandling af personoplysninger og har herefter indf\u00f8rt passende tekniske og organisatoriske foranstaltninger for at \u00f8ge behandlingssikkerheden.\u00a0En af mine vigtigste foranstaltninger er at holde mig og eventuelle medarbejdere opdaterede om GDPR via l\u00f8bende awareness-tr\u00e6ning, GDPR-kurser samt ved at gennemg\u00e5 mine GDPR-procedurer regelm\u00e6ssigt.<\/span><\/p><p class=\"p1\"><b>De registreredes rettigheder<br \/><\/b><span style=\"font-style: inherit;font-weight: inherit;text-align: var(--text-align);color: var( --e-global-color-text );background-color: var( --e-global-color-286fbfb )\">Du har efter databeskyttelsesforordningen en r\u00e6kke rettigheder i forhold til min behandling af oplysninger om dig.\u00a0Hvis du vil g\u00f8re brug af dine rettigheder, skal du kontakte mig, s\u00e5 jeg kan hj\u00e6lpe dig med dette.<\/span><\/p><p class=\"p1\"><b>Ret til at se oplysninger (indsigtsret)<br \/><\/b>Du har ret til at f\u00e5 indsigt i de oplysninger, som jeg behandler om dig, samt en r\u00e6kke yderligere oplysninger.<\/p><p class=\"p1\"><b>Ret til berigtigelse (rettelse)<br \/><\/b>Du har ret til at f\u00e5 urigtige oplysninger om dig selv rettet.<\/p><p class=\"p1\"><b>Ret til sletning<br \/><\/b>I s\u00e6rlige tilf\u00e6lde har du ret til at f\u00e5 slettet oplysninger om dig, inden tidspunktet for min almindelige generelle sletning indtr\u00e6ffer.<\/p><p class=\"p1\"><b>Ret til begr\u00e6nsning af behandling<br \/><\/b>Du har i visse tilf\u00e6lde ret til at f\u00e5 behandlingen af dine personoplysninger begr\u00e6nset. Hvis du har ret til at f\u00e5 begr\u00e6nset behandlingen, m\u00e5 jeg fremover kun behandle oplysningerne \u2013 bortset fra opbevaring \u2013 med dit samtykke, eller med henblik p\u00e5 at retskrav kan fastl\u00e6gges, g\u00f8res g\u00e6ldende eller forsvares, eller for at beskytte en person eller vigtige samfundsinteresser.<\/p><p class=\"p1\"><b>Ret til indsigelse<br \/><\/b>Du har i visse tilf\u00e6lde ret til at g\u00f8re indsigelse mod min ellers lovlige behandling af dine personoplysninger. Du kan ogs\u00e5 g\u00f8re indsigelse mod behandling af dine oplysninger til direkte markedsf\u00f8ring.<\/p><p class=\"p1\"><b>Ret til at transmittere oplysninger (dataportabilitet)<br \/><\/b>Du har i visse tilf\u00e6lde ret til at modtage dine personoplysninger i et struktureret, almindeligt anvendt og maskinl\u00e6sbart format samt at f\u00e5 overf\u00f8rt disse personoplysninger fra \u00e9n dataansvarlig til en anden uden hindring.<\/p><p class=\"p1\">Du kan l\u00e6se mere om dine rettigheder i Datatilsynets vejledning om de registreredes rettigheder, som du finder p\u00e5\u00a0<a href=\"https:\/\/www.datatilsynet.dk\" target=\"_blank\" rel=\"noopener\"><b>www.datatilsynet.dk<\/b><\/a>.<\/p><p class=\"p1\"><b>Tilbagetr\u00e6kning af samtykke<br \/><\/b><span style=\"font-style: inherit;font-weight: inherit;text-align: var(--text-align);color: var( --e-global-color-text );background-color: var( --e-global-color-286fbfb )\">N\u00e5r min behandling af dine personoplysninger er baseret p\u00e5 dit samtykke, s\u00e5 har du ret til at tr\u00e6kke dit samtykke tilbage.<\/span><\/p><p class=\"p1\"><b>Klage til Datatilsynet<br \/><\/b><span style=\"font-style: inherit;font-weight: inherit;text-align: var(--text-align);color: var( --e-global-color-text );background-color: var( --e-global-color-286fbfb )\">Du har ret til at indgive en klage til Datatilsynet, hvis du er utilfreds med den m\u00e5de, jeg behandler dine personoplysninger p\u00e5. Du finder Datatilsynets kontaktoplysninger p\u00e5\u00a0<\/span><a style=\"background-color: #f3f3f3\" href=\"https:\/\/www.datatilsynet.dk\/\" target=\"_blank\" rel=\"noopener\"><span style=\"font-weight: bold\">www.datatilsynet.dk<\/span><\/a><span style=\"font-style: inherit;font-weight: inherit;text-align: var(--text-align);color: var( --e-global-color-text );background-color: var( --e-global-color-286fbfb )\">.<\/span><\/p><p class=\"p1\">Jeg vil generelt opfordre dig til at l\u00e6se mere om GDPR, s\u00e5 du er opdateret p\u00e5 reglerne.<\/p><\/div><\/div><\/div>\t\t\t\t\t\t\t\t<\/div>\n\t\t\t\t<\/div>\n\t\t\t\t\t<\/div>\n\t\t<\/div>\n\t\t\t\t\t<\/div>\n\t\t<\/section>\n\t\t\t\t<section class=\"elementor-section elementor-top-section elementor-element elementor-element-dded931 elementor-section-full_width elementor-section-height-default elementor-section-height-default\" data-id=\"dded931\" data-element_type=\"section\" data-settings=\"{&quot;background_background&quot;:&quot;classic&quot;,&quot;_ha_eqh_enable&quot;:false}\">\n\t\t\t\t\t\t<div class=\"elementor-container elementor-column-gap-default\">\n\t\t\t\t\t<div class=\"elementor-column elementor-col-100 elementor-top-column elementor-element elementor-element-90e47de\" data-id=\"90e47de\" data-element_type=\"column\">\n\t\t\t<div class=\"elementor-widget-wrap elementor-element-populated\">\n\t\t\t\t\t\t<div class=\"elementor-element elementor-element-8cfc5b2 elementor-widget elementor-widget-heading\" data-id=\"8cfc5b2\" data-element_type=\"widget\" data-widget_type=\"heading.default\">\n\t\t\t\t<div class=\"elementor-widget-container\">\n\t\t\t\t\t<h2 class=\"elementor-heading-title elementor-size-default\">Cookies<\/h2>\t\t\t\t<\/div>\n\t\t\t\t<\/div>\n\t\t\t\t<div class=\"elementor-element elementor-element-545b6e2 elementor-widget elementor-widget-html\" data-id=\"545b6e2\" data-element_type=\"widget\" data-widget_type=\"html.default\">\n\t\t\t\t<div class=\"elementor-widget-container\">\n\t\t\t\t\t<script id=\"CookieDeclaration\" src=\"https:\/\/consent.cookiebot.com\/ea11eaf7-882f-49d2-b730-e095f155e018\/cd.js\" type=\"text\/javascript\" async><\/script>\t\t\t\t<\/div>\n\t\t\t\t<\/div>\n\t\t\t\t\t<\/div>\n\t\t<\/div>\n\t\t\t\t\t<\/div>\n\t\t<\/section>\n\t\t\t\t<\/div>\n\t\t","protected":false},"excerpt":{"rendered":"<p>Privatlivspolitik &#038; Cookies Jeg er dataansvarlig for behandlingen af de personoplysninger, som jeg behandler om mine kunder og samarbejdspartnere. Du [&hellip;]<\/p>\n","protected":false},"author":1,"featured_media":0,"parent":0,"menu_order":0,"comment_status":"closed","ping_status":"open","template":"elementor_header_footer","meta":{"_seopress_robots_primary_cat":"","_seopress_titles_title":"","_seopress_titles_desc":"","_seopress_robots_index":"yes","inline_featured_image":false,"site-sidebar-layout":"no-sidebar","site-content-layout":"","ast-site-content-layout":"full-width-container","site-content-style":"default","site-sidebar-style":"default","ast-global-header-display":"","ast-banner-title-visibility":"","ast-main-header-display":"","ast-hfb-above-header-display":"","ast-hfb-below-header-display":"","ast-hfb-mobile-header-display":"","site-post-title":"disabled","ast-breadcrumbs-content":"","ast-featured-img":"disabled","footer-sml-layout":"","theme-transparent-header-meta":"","adv-header-id-meta":"","stick-header-meta":"","header-above-stick-meta":"","header-main-stick-meta":"","header-below-stick-meta":"","astra-migrate-meta-layouts":"default","ast-page-background-enabled":"default","ast-page-background-meta":{"desktop":{"background-color":"var(--ast-global-color-5)","background-image":"","background-repeat":"repeat","background-position":"center center","background-size":"auto","background-attachment":"scroll","background-type":"","background-media":"","overlay-type":"","overlay-color":"","overlay-opacity":"","overlay-gradient":""},"tablet":{"background-color":"","background-image":"","background-repeat":"repeat","background-position":"center center","background-size":"auto","background-attachment":"scroll","background-type":"","background-media":"","overlay-type":"","overlay-color":"","overlay-opacity":"","overlay-gradient":""},"mobile":{"background-color":"","background-image":"","background-repeat":"repeat","background-position":"center center","background-size":"auto","background-attachment":"scroll","background-type":"","background-media":"","overlay-type":"","overlay-color":"","overlay-opacity":"","overlay-gradient":""}},"ast-content-background-meta":{"desktop":{"background-color":"var(--ast-global-color-4)","background-image":"","background-repeat":"repeat","background-position":"center center","background-size":"auto","background-attachment":"scroll","background-type":"","background-media":"","overlay-type":"","overlay-color":"","overlay-opacity":"","overlay-gradient":""},"tablet":{"background-color":"var(--ast-global-color-4)","background-image":"","background-repeat":"repeat","background-position":"center center","background-size":"auto","background-attachment":"scroll","background-type":"","background-media":"","overlay-type":"","overlay-color":"","overlay-opacity":"","overlay-gradient":""},"mobile":{"background-color":"var(--ast-global-color-4)","background-image":"","background-repeat":"repeat","background-position":"center center","background-size":"auto","background-attachment":"scroll","background-type":"","background-media":"","overlay-type":"","overlay-color":"","overlay-opacity":"","overlay-gradient":""}},"_themeisle_gutenberg_block_has_review":false,"footnotes":""},"class_list":["post-3","page","type-page","status-publish","hentry"],"_links":{"self":[{"href":"https:\/\/www.alinahenriques.dk\/index.php\/wp-json\/wp\/v2\/pages\/3","targetHints":{"allow":["GET"]}}],"collection":[{"href":"https:\/\/www.alinahenriques.dk\/index.php\/wp-json\/wp\/v2\/pages"}],"about":[{"href":"https:\/\/www.alinahenriques.dk\/index.php\/wp-json\/wp\/v2\/types\/page"}],"author":[{"embeddable":true,"href":"https:\/\/www.alinahenriques.dk\/index.php\/wp-json\/wp\/v2\/users\/1"}],"replies":[{"embeddable":true,"href":"https:\/\/www.alinahenriques.dk\/index.php\/wp-json\/wp\/v2\/comments?post=3"}],"version-history":[{"count":15,"href":"https:\/\/www.alinahenriques.dk\/index.php\/wp-json\/wp\/v2\/pages\/3\/revisions"}],"predecessor-version":[{"id":2511,"href":"https:\/\/www.alinahenriques.dk\/index.php\/wp-json\/wp\/v2\/pages\/3\/revisions\/2511"}],"wp:attachment":[{"href":"https:\/\/www.alinahenriques.dk\/index.php\/wp-json\/wp\/v2\/media?parent=3"}],"curies":[{"name":"wp","href":"https:\/\/api.w.org\/{rel}","templated":true}]}}